{"version":"1.0","provider_name":"Twils","provider_url":"https:\/\/www.twils.it\/es\/","title":"EXPOSICI\u00d3N \u00abMATERICA. Tra design e saper fare\u00bb 2023 - Twils","type":"rich","width":600,"height":338,"html":"<blockquote class=\"wp-embedded-content\" data-secret=\"NLF8gsUMlP\"><a href=\"https:\/\/www.twils.it\/es\/exposicion-materica-tra-design-e-saper-fare-2023\/\">EXPOSICI\u00d3N \u00abMATERICA. Tra design e saper fare\u00bb 2023<\/a><\/blockquote><iframe sandbox=\"allow-scripts\" security=\"restricted\" src=\"https:\/\/www.twils.it\/es\/exposicion-materica-tra-design-e-saper-fare-2023\/embed\/#?secret=NLF8gsUMlP\" width=\"600\" height=\"338\" title=\"\u00abEXPOSICI\u00d3N \u00abMATERICA. Tra design e saper fare\u00bb 2023\u00bb \u2014 Twils\" data-secret=\"NLF8gsUMlP\" frameborder=\"0\" marginwidth=\"0\" marginheight=\"0\" scrolling=\"no\" class=\"wp-embedded-content\"><\/iframe><script>\n\/*! This file is auto-generated *\/\n!function(d,l){\"use strict\";l.querySelector&&d.addEventListener&&\"undefined\"!=typeof URL&&(d.wp=d.wp||{},d.wp.receiveEmbedMessage||(d.wp.receiveEmbedMessage=function(e){var t=e.data;if((t||t.secret||t.message||t.value)&&!\/[^a-zA-Z0-9]\/.test(t.secret)){for(var s,r,n,a=l.querySelectorAll('iframe[data-secret=\"'+t.secret+'\"]'),o=l.querySelectorAll('blockquote[data-secret=\"'+t.secret+'\"]'),c=new RegExp(\"^https?:$\",\"i\"),i=0;i<o.length;i++)o[i].style.display=\"none\";for(i=0;i<a.length;i++)s=a[i],e.source===s.contentWindow&&(s.removeAttribute(\"style\"),\"height\"===t.message?(1e3<(r=parseInt(t.value,10))?r=1e3:~~r<200&&(r=200),s.height=r):\"link\"===t.message&&(r=new URL(s.getAttribute(\"src\")),n=new URL(t.value),c.test(n.protocol))&&n.host===r.host&&l.activeElement===s&&(d.top.location.href=t.value))}},d.addEventListener(\"message\",d.wp.receiveEmbedMessage,!1),l.addEventListener(\"DOMContentLoaded\",function(){for(var e,t,s=l.querySelectorAll(\"iframe.wp-embedded-content\"),r=0;r<s.length;r++)(t=(e=s[r]).getAttribute(\"data-secret\"))||(t=Math.random().toString(36).substring(2,12),e.src+=\"#?secret=\"+t,e.setAttribute(\"data-secret\",t)),e.contentWindow.postMessage({message:\"ready\",secret:t},\"*\")},!1)))}(window,document);\n<\/script>\n","thumbnail_url":"https:\/\/www.twils.it\/wp-content\/uploads\/2023\/09\/eDesign-Festival-2.jpg","thumbnail_width":1080,"thumbnail_height":1080,"description":"\u00abMATERICA. Tra design e saper fare\u00bb [MAT\u00c9RICA, entre dise\u00f1o y saber hacer], comisariada por Paola Bellin y Luciano Setten, es una exposici\u00f3n propuesta por [e]DesignFestival como proyecto colateral aut\u00f3nomo de la Venice Design Biennal 2023, celebrada en Venecia, del 19 de mayo al 18 de junio de 2023, en los espacios de Fabrica 33 en Cannaregio."}